{"id":15409,"date":"2026-01-14T10:42:20","date_gmt":"2026-01-14T10:42:20","guid":{"rendered":"https:\/\/didacweb.shop\/cedic2026\/?page_id=15409"},"modified":"2026-04-14T17:10:23","modified_gmt":"2026-04-14T16:10:23","slug":"direction-du-cedic","status":"publish","type":"page","link":"https:\/\/didacweb.shop\/cedic2026\/direction-du-cedic\/","title":{"rendered":"Direction du CEDIC"},"content":{"rendered":"\t\t<div data-elementor-type=\"wp-page\" data-elementor-id=\"15409\" class=\"elementor elementor-15409\">\n\t\t\t\t<div class=\"elementor-element elementor-element-5bdd13b e-flex e-con-boxed rt-default-class e-con e-parent\" data-id=\"5bdd13b\" data-element_type=\"container\">\n\t\t\t\t\t<div class=\"e-con-inner\">\n\t\t<div class=\"elementor-element elementor-element-c8add83 e-con-full e-flex rt-default-class e-con e-child\" data-id=\"c8add83\" data-element_type=\"container\">\n\t\t<div class=\"elementor-element elementor-element-824f314 e-con-full e-flex rt-default-class e-con e-child\" data-id=\"824f314\" data-element_type=\"container\">\n\t\t<div class=\"elementor-element elementor-element-79a841b e-con-full e-flex rt-default-class e-con e-child\" data-id=\"79a841b\" data-element_type=\"container\">\n\t\t\t\t<div class=\"elementor-element elementor-element-26df7ef rt-default-class elementor-widget elementor-widget-heading\" data-id=\"26df7ef\" data-element_type=\"widget\" data-widget_type=\"heading.default\">\n\t\t\t\t\t<h2 class=\"elementor-heading-title elementor-size-default\">Mot du Directeur  <\/h2>\t\t\t\t<\/div>\n\t\t\t\t<div class=\"elementor-element elementor-element-2b9edfc rt-default-class elementor-widget elementor-widget-rt-testimonial-slider\" data-id=\"2b9edfc\" data-element_type=\"widget\" data-widget_type=\"rt-testimonial-slider.default\">\n\t\t\t\t<div class=\"elementor-widget-container\">\n\t\t\t\t\t        <div class=\"slider-inner-wrapper testimonial style2\">\n            <div class=\"swiper rt--slider slider-style2 rt_slider-27442\">\n                <div class=\"swiper-wrapper\">\n                    \r\n<div class=\"swiper-slide\">\r\n    <div class=\"single-testimonial slider_item\">\r\n                    <p class=\"des testimonial-text\">\r\n                \u00ab Nous avons l\u2019ambition avec le soutien des autorit\u00e9s universitaires d\u2019impulser une logique de recherche d\u2019appui au d\u00e9veloppement, en intensifiant les activit\u00e9s de diffusion du droit international et de recherche appliqu\u00e9e d\u2019impact, et en suscitant des vocations de chercheurs pluridisciplinaires au service de l\u2019appui au d\u00e9veloppement du Cameroun de l\u2019Afrique et du Monde. \u00bb            <\/p>\r\n                        <div class=\"rt-testimonial-author mt--50\">\r\n                <div class=\"rt-author-meta rt-flex rt-gap-20\">\r\n                                            <div class=\"rt-author-img rts__author--img\">\r\n                            <img decoding=\"async\" src=\"https:\/\/didacweb.shop\/cedic2026\/wp-content\/uploads\/2026\/03\/Pr-NSOH-Christopher.jpg\" alt=\"\">\r\n                        <\/div>\r\n                                                <div class=\"info\">\r\n                                                            <h5 class=\"title mb-1\">Pr NSOH Christopher <\/h5>\r\n                                                                <p class=\"designation\">Professeur de Science politique<\/p>\r\n                                                        <\/div>\r\n                                        <\/div>\r\n            <\/div> \r\n                <\/div>  \r\n<\/div>\r\n\r\n                <\/div>\n            <\/div>\n\n                    <\/div>  \n        \n        <script type=\"text\/javascript\">\n            jQuery(document).ready(function() {\n                var swiper27442 = new Swiper(\".rt_slider-27442\", {\n                    slidesPerView: 1,\n                                        speed: 1000,\n                    slidesPerGroup: 1,\n                    loop: false,\n                    autoplay: false,\n                    spaceBetween: 30,\n                    pagination: {\n                        el: \".swiper-pagination\",\n                        clickable: true,                        \n                        type: \"bullets\",\n                    },\n                    centeredSlides: false,\n                    navigation: {\n                        nextEl: \".rts-next27442\",\n                        prevEl: \".rts-prev27442\",\n                    },\n                    breakpoints: {\n                        575: { slidesPerView: 1 },767: { slidesPerView: 1 },991: { slidesPerView: 1 },1199: { slidesPerView: 1 },                        1399: {\n                            slidesPerView: 1,\n                            spaceBetween: 30                        }\n                    }\n                });\n            });\n        <\/script>\n    \t\t\t\t<\/div>\n\t\t\t\t<\/div>\n\t\t\t\t<\/div>\n\t\t\t\t<div class=\"elementor-element elementor-element-a1b0e0b rt-default-class elementor-widget elementor-widget-rt-react-image\" data-id=\"a1b0e0b\" data-element_type=\"widget\" data-widget_type=\"rt-react-image.default\">\n\t\t\t\t<div class=\"elementor-widget-container\">\n\t\t\t\t\t                    <div class=\"react-image no\">\n                                    <img decoding=\"async\" class=\"react-multi-image   \" src=\"https:\/\/didacweb.shop\/cedic2026\/wp-content\/uploads\/2026\/03\/Pr-NSOH-Christopher.jpg\" alt=\"\"\/>\n                            <\/div>\n               \n    \t\t\t\t<\/div>\n\t\t\t\t<\/div>\n\t\t\t\t<\/div>\n\t\t\t\t<\/div>\n\t\t\t\t\t<\/div>\n\t\t\t\t<\/div>\n\t\t<div class=\"elementor-element elementor-element-5c55d97 e-flex e-con-boxed rt-default-class e-con e-parent\" data-id=\"5c55d97\" data-element_type=\"container\">\n\t\t\t\t\t<div class=\"e-con-inner\">\n\t\t<div class=\"elementor-element elementor-element-6d559b2 e-con-full e-flex rt-default-class e-con e-child\" data-id=\"6d559b2\" data-element_type=\"container\">\n\t\t\t\t<div class=\"elementor-element elementor-element-5034671 rt-default-class elementor-widget elementor-widget-heading\" data-id=\"5034671\" data-element_type=\"widget\" data-widget_type=\"heading.default\">\n\t\t\t\t\t<h2 class=\"elementor-heading-title elementor-size-default\">D\u00e9couvrir le CEDIC<\/h2>\t\t\t\t<\/div>\n\t\t\t\t<\/div>\n\t\t<div class=\"elementor-element elementor-element-6ee78a5 e-con-full e-flex rt-default-class e-con e-child\" data-id=\"6ee78a5\" data-element_type=\"container\">\n\t\t<div class=\"elementor-element elementor-element-6f16f50 e-con-full e-flex rt-default-class e-con e-child\" data-id=\"6f16f50\" data-element_type=\"container\">\n\t\t<div class=\"elementor-element elementor-element-af9648a e-con-full e-flex rt-default-class e-con e-child\" data-id=\"af9648a\" data-element_type=\"container\">\n\t\t\t\t<div class=\"elementor-element elementor-element-c0a8239 rt-default-class elementor-widget elementor-widget-rt-react-image\" data-id=\"c0a8239\" data-element_type=\"widget\" data-widget_type=\"rt-react-image.default\">\n\t\t\t\t<div class=\"elementor-widget-container\">\n\t\t\t\t\t                    <div data-jarallax class=\"react-jarallax-img jarallax react-image\">\n                                    <img decoding=\"async\" class=\"jarallax-img \" src=\"https:\/\/didacweb.shop\/cedic2026\/wp-content\/uploads\/2026\/01\/A-propos.6.jpg\"\/>\n                            <\/div>\n                   \n    \t\t\t\t<\/div>\n\t\t\t\t<\/div>\n\t\t\t\t<\/div>\n\t\t<div class=\"elementor-element elementor-element-34847db e-con-full e-flex rt-default-class e-con e-child\" data-id=\"34847db\" data-element_type=\"container\">\n\t\t\t\t<div class=\"elementor-element elementor-element-26d5a70 elementor-widget__width-initial rt-default-class elementor-widget elementor-widget-text-editor\" data-id=\"26d5a70\" data-element_type=\"widget\" data-widget_type=\"text-editor.default\">\n\t\t\t\t\t\t\t\t\t<p data-start=\"162\" data-end=\"480\">Plongez au c\u0153ur du Centre d\u2019\u00c9tudes et de Recherche en Droit International et Communautaire, un cadre <strong>acad\u00e9mique dynamique d\u00e9di\u00e9 \u00e0 la formation<\/strong>, \u00e0 la recherche et \u00e0 la promotion de la paix, de la gouvernance et du d\u00e9veloppement durable. <em>Rejoignez une communaut\u00e9 engag\u00e9e de chercheurs, de professionnels et d\u2019apprenants.<\/em><\/p>\t\t\t\t\t\t\t\t<\/div>\n\t\t\t\t<\/div>\n\t\t\t\t<\/div>\n\t\t\t\t<\/div>\n\t\t\t\t\t<\/div>\n\t\t\t\t<\/div>\n\t\t<div class=\"elementor-element elementor-element-0655db4 e-flex e-con-boxed rt-default-class e-con e-parent\" data-id=\"0655db4\" data-element_type=\"container\">\n\t\t\t\t\t<div class=\"e-con-inner\">\n\t\t<div class=\"elementor-element elementor-element-c9185ea e-con-full e-flex rt-default-class e-con e-child\" data-id=\"c9185ea\" data-element_type=\"container\">\n\t\t<div class=\"elementor-element elementor-element-aeb0f83 e-con-full e-flex rt-default-class e-con e-child\" data-id=\"aeb0f83\" data-element_type=\"container\">\n\t\t\t\t<div class=\"elementor-element elementor-element-9c91d6e rt-default-class elementor-widget elementor-widget-rt-react-image\" data-id=\"9c91d6e\" data-element_type=\"widget\" data-widget_type=\"rt-react-image.default\">\n\t\t\t\t<div class=\"elementor-widget-container\">\n\t\t\t\t\t                    <div data-jarallax class=\"react-jarallax-img jarallax react-image\">\n                                    <img decoding=\"async\" class=\"jarallax-img \" src=\"https:\/\/didacweb.shop\/cedic2026\/wp-content\/uploads\/2026\/01\/cedic-Temoignage.jpg\"\/>\n                            <\/div>\n                   \n    \t\t\t\t<\/div>\n\t\t\t\t<\/div>\n\t\t<div class=\"elementor-element elementor-element-0a54ae7 e-con-full e-flex rt-default-class e-con e-child\" data-id=\"0a54ae7\" data-element_type=\"container\">\n\t\t\t\t<div class=\"elementor-element elementor-element-0554a67 rt-default-class elementor-widget elementor-widget-rt-testimonial-slider\" data-id=\"0554a67\" data-element_type=\"widget\" data-widget_type=\"rt-testimonial-slider.default\">\n\t\t\t\t<div class=\"elementor-widget-container\">\n\t\t\t\t\t        <div class=\"slider-inner-wrapper testimonial style2\">\n            <div class=\"swiper rt--slider slider-style2 rt_slider-14822\">\n                <div class=\"swiper-wrapper\">\n                    \r\n<div class=\"swiper-slide\">\r\n    <div class=\"single-testimonial slider_item\">\r\n                    <div class=\"rt-between mb--50\">\r\n                                    <div class=\"rt-review\">\r\n                        <div class=\"rating-star mb--10\">\r\n                            <i class=\"rating fas fa-star\"><\/i><i class=\"rating fas fa-star\"><\/i><i class=\"rating fas fa-star\"><\/i><i class=\"rating fas fa-star\"><\/i><i class=\"rating fas fa-star\"><\/i>                        <\/div>\r\n                    <\/div>\r\n                                <\/div>\r\n                        <p class=\"des testimonial-text\">\r\n                \u00ab La formation du CEDIC m\u2019a permis de renforcer mes comp\u00e9tences en gouvernance et de mieux comprendre les enjeux internationaux. Aujourd\u2019hui, je travaille dans un programme de coop\u00e9ration o\u00f9 j\u2019applique concr\u00e8tement les enseignements re\u00e7us. \u00bb            <\/p>\r\n                        <div class=\"rt-testimonial-author mt--50\">\r\n                <div class=\"rt-author-meta rt-flex rt-gap-20\">\r\n                                            <div class=\"rt-author-img rts__author--img\">\r\n                            <img decoding=\"async\" src=\"https:\/\/didacweb.shop\/cedic2026\/wp-content\/uploads\/2026\/01\/cedic-Temoignage.jpg\" alt=\"\">\r\n                        <\/div>\r\n                                                <div class=\"info\">\r\n                                                            <h5 class=\"title mb-1\"> Nadia M. <\/h5>\r\n                                                                <p class=\"designation\"> Auditrice en Gouvernance Internationale<\/p>\r\n                                                        <\/div>\r\n                                        <\/div>\r\n            <\/div> \r\n                <\/div>  \r\n<\/div>\r\n\r\n\r\n<div class=\"swiper-slide\">\r\n    <div class=\"single-testimonial slider_item\">\r\n                    <div class=\"rt-between mb--50\">\r\n                                    <div class=\"rt-review\">\r\n                        <div class=\"rating-star mb--10\">\r\n                            <i class=\"rating fas fa-star\"><\/i><i class=\"rating fas fa-star\"><\/i><i class=\"rating fas fa-star\"><\/i><i class=\"rating fas fa-star\"><\/i><i class=\"rating fas fa-star\"><\/i>                        <\/div>\r\n                    <\/div>\r\n                                <\/div>\r\n                        <p class=\"des testimonial-text\">\r\n                \u00ab Le CEDIC offre un cadre unique d\u2019apprentissage alliant th\u00e9orie et pratique. Les modules sur la gestion des risques \u00e9cologiques m\u2019ont ouvert de nouvelles opportunit\u00e9s dans le secteur du d\u00e9veloppement durable. \u00bb            <\/p>\r\n                        <div class=\"rt-testimonial-author mt--50\">\r\n                <div class=\"rt-author-meta rt-flex rt-gap-20\">\r\n                                            <div class=\"rt-author-img rts__author--img\">\r\n                            <img decoding=\"async\" src=\"https:\/\/didacweb.shop\/cedic2026\/wp-content\/uploads\/2026\/01\/cedic-Temoignage2.jpg\" alt=\"\">\r\n                        <\/div>\r\n                                                <div class=\"info\">\r\n                                                            <h5 class=\"title mb-1\">Jean-Marc T. <\/h5>\r\n                                                                <p class=\"designation\">Consultant en D\u00e9veloppement Durable<\/p>\r\n                                                        <\/div>\r\n                                        <\/div>\r\n            <\/div> \r\n                <\/div>  \r\n<\/div>\r\n\r\n\r\n<div class=\"swiper-slide\">\r\n    <div class=\"single-testimonial slider_item\">\r\n                    <div class=\"rt-between mb--50\">\r\n                                    <div class=\"rt-review\">\r\n                        <div class=\"rating-star mb--10\">\r\n                            <i class=\"rating fas fa-star\"><\/i><i class=\"rating fas fa-star\"><\/i><i class=\"rating fas fa-star\"><\/i><i class=\"rating fas fa-star\"><\/i><i class=\"rating fas fa-star\"><\/i>                        <\/div>\r\n                    <\/div>\r\n                                <\/div>\r\n                        <p class=\"des testimonial-text\">\r\n                \u00ab Gr\u00e2ce aux formations certifiantes du CEDIC, j\u2019ai acquis une solide ma\u00eetrise des m\u00e9canismes de protection des droits humains. L\u2019encadrement des experts et la qualit\u00e9 des cours ont \u00e9t\u00e9 d\u00e9terminants pour mon \u00e9volution professionnelle. \u00bb            <\/p>\r\n                        <div class=\"rt-testimonial-author mt--50\">\r\n                <div class=\"rt-author-meta rt-flex rt-gap-20\">\r\n                                            <div class=\"rt-author-img rts__author--img\">\r\n                            <img decoding=\"async\" src=\"https:\/\/didacweb.shop\/cedic2026\/wp-content\/uploads\/2026\/01\/cedic-Temoignage1.jpg\" alt=\"\">\r\n                        <\/div>\r\n                                                <div class=\"info\">\r\n                                                            <h5 class=\"title mb-1\">Estelle K.<\/h5>\r\n                                                                <p class=\"designation\">Sp\u00e9cialiste en Droits de l\u2019Homme<\/p>\r\n                                                        <\/div>\r\n                                        <\/div>\r\n            <\/div> \r\n                <\/div>  \r\n<\/div>\r\n\r\n                <\/div>\n            <\/div>\n\n                    <\/div>  \n                        <div class=\"swipper-navigation testimonial style2\">\n                    <span class=\"prev rts-prev14822\"><i class=\"rt-arrow-left\"><\/i><\/span>  \n                    <span class=\"next rts-next14822\"><i class=\"rt-arrow-right\"><\/i><\/span>                   \n                <\/div>\n                \n        <script type=\"text\/javascript\">\n            jQuery(document).ready(function() {\n                var swiper14822 = new Swiper(\".rt_slider-14822\", {\n                    slidesPerView: 1,\n                                        speed: 1000,\n                    slidesPerGroup: 1,\n                    loop: false,\n                    autoplay: false,\n                    spaceBetween: 30,\n                    pagination: {\n                        el: \".swiper-pagination\",\n                        clickable: true,                        \n                        type: \"bullets\",\n                    },\n                    centeredSlides: false,\n                    navigation: {\n                        nextEl: \".rts-next14822\",\n                        prevEl: \".rts-prev14822\",\n                    },\n                    breakpoints: {\n                        575: { slidesPerView: 1 },767: { slidesPerView: 1 },991: { slidesPerView: 1 },1199: { slidesPerView: 1 },                        1399: {\n                            slidesPerView: 1,\n                            spaceBetween: 30                        }\n                    }\n                });\n            });\n        <\/script>\n    \t\t\t\t<\/div>\n\t\t\t\t<\/div>\n\t\t\t\t<\/div>\n\t\t\t\t<\/div>\n\t\t\t\t<\/div>\n\t\t\t\t\t<\/div>\n\t\t\t\t<\/div>\n\t\t\t\t<\/div>\n\t\t","protected":false},"excerpt":{"rendered":"<p>Mot du Directeur \u00ab Nous avons l\u2019ambition avec le soutien des autorit\u00e9s universitaires d\u2019impulser une logique de recherche d\u2019appui au d\u00e9veloppement, en intensifiant les activit\u00e9s de diffusion du droit international&#8230;<\/p>\n","protected":false},"author":1,"featured_media":0,"parent":0,"menu_order":0,"comment_status":"closed","ping_status":"closed","template":"elementor_header_footer","meta":{"footnotes":""},"class_list":["post-15409","page","type-page","status-publish","hentry"],"yoast_head":"<!-- This site is optimized with the Yoast SEO plugin v26.7 - https:\/\/yoast.com\/wordpress\/plugins\/seo\/ -->\n<title>Direction du CEDIC - CEDIC<\/title>\n<meta name=\"description\" content=\"D\u00e9couvrez la direction du CEDIC, compos\u00e9e de responsables engag\u00e9s dans la gouvernance, la recherche et l\u2019expertise en droit international.\" \/>\n<meta name=\"robots\" content=\"index, follow, max-snippet:-1, max-image-preview:large, max-video-preview:-1\" \/>\n<link rel=\"canonical\" href=\"https:\/\/didacweb.shop\/cedic2026\/direction-du-cedic\/\" \/>\n<meta property=\"og:locale\" content=\"fr_FR\" \/>\n<meta property=\"og:type\" content=\"article\" \/>\n<meta property=\"og:title\" content=\"Direction du CEDIC - CEDIC\" \/>\n<meta property=\"og:description\" content=\"D\u00e9couvrez la direction du CEDIC, compos\u00e9e de responsables engag\u00e9s dans la gouvernance, la recherche et l\u2019expertise en droit international.\" \/>\n<meta property=\"og:url\" content=\"https:\/\/didacweb.shop\/cedic2026\/direction-du-cedic\/\" \/>\n<meta property=\"og:site_name\" content=\"CEDIC\" \/>\n<meta property=\"article:modified_time\" content=\"2026-04-14T16:10:23+00:00\" \/>\n<meta property=\"og:image\" content=\"https:\/\/didacweb.shop\/cedic2026\/wp-content\/uploads\/2026\/03\/Pr-NSOH-Christopher.jpg\" \/>\n<meta name=\"twitter:card\" content=\"summary_large_image\" \/>\n<meta name=\"twitter:label1\" content=\"Dur\u00e9e de lecture estim\u00e9e\" \/>\n\t<meta name=\"twitter:data1\" content=\"3 minutes\" \/>\n<script type=\"application\/ld+json\" class=\"yoast-schema-graph\">{\"@context\":\"https:\/\/schema.org\",\"@graph\":[{\"@type\":\"WebPage\",\"@id\":\"https:\/\/didacweb.shop\/cedic2026\/direction-du-cedic\/\",\"url\":\"https:\/\/didacweb.shop\/cedic2026\/direction-du-cedic\/\",\"name\":\"Direction du CEDIC - CEDIC\",\"isPartOf\":{\"@id\":\"https:\/\/didacweb.shop\/cedic2026\/#website\"},\"primaryImageOfPage\":{\"@id\":\"https:\/\/didacweb.shop\/cedic2026\/direction-du-cedic\/#primaryimage\"},\"image\":{\"@id\":\"https:\/\/didacweb.shop\/cedic2026\/direction-du-cedic\/#primaryimage\"},\"thumbnailUrl\":\"https:\/\/didacweb.shop\/cedic2026\/wp-content\/uploads\/2026\/03\/Pr-NSOH-Christopher.jpg\",\"datePublished\":\"2026-01-14T10:42:20+00:00\",\"dateModified\":\"2026-04-14T16:10:23+00:00\",\"description\":\"D\u00e9couvrez la direction du CEDIC, compos\u00e9e de responsables engag\u00e9s dans la gouvernance, la recherche et l\u2019expertise en droit international.\",\"breadcrumb\":{\"@id\":\"https:\/\/didacweb.shop\/cedic2026\/direction-du-cedic\/#breadcrumb\"},\"inLanguage\":\"fr-FR\",\"potentialAction\":[{\"@type\":\"ReadAction\",\"target\":[\"https:\/\/didacweb.shop\/cedic2026\/direction-du-cedic\/\"]}]},{\"@type\":\"ImageObject\",\"inLanguage\":\"fr-FR\",\"@id\":\"https:\/\/didacweb.shop\/cedic2026\/direction-du-cedic\/#primaryimage\",\"url\":\"https:\/\/didacweb.shop\/cedic2026\/wp-content\/uploads\/2026\/03\/Pr-NSOH-Christopher.jpg\",\"contentUrl\":\"https:\/\/didacweb.shop\/cedic2026\/wp-content\/uploads\/2026\/03\/Pr-NSOH-Christopher.jpg\",\"width\":396,\"height\":448},{\"@type\":\"BreadcrumbList\",\"@id\":\"https:\/\/didacweb.shop\/cedic2026\/direction-du-cedic\/#breadcrumb\",\"itemListElement\":[{\"@type\":\"ListItem\",\"position\":1,\"name\":\"Accueil\",\"item\":\"https:\/\/didacweb.shop\/cedic2026\/\"},{\"@type\":\"ListItem\",\"position\":2,\"name\":\"Direction du CEDIC\"}]},{\"@type\":\"WebSite\",\"@id\":\"https:\/\/didacweb.shop\/cedic2026\/#website\",\"url\":\"https:\/\/didacweb.shop\/cedic2026\/\",\"name\":\"CEDIC\",\"description\":\"Centre d&#039;\u00c9tude et de Recherche de Droit International et Communautaire\",\"publisher\":{\"@id\":\"https:\/\/didacweb.shop\/cedic2026\/#organization\"},\"potentialAction\":[{\"@type\":\"SearchAction\",\"target\":{\"@type\":\"EntryPoint\",\"urlTemplate\":\"https:\/\/didacweb.shop\/cedic2026\/?s={search_term_string}\"},\"query-input\":{\"@type\":\"PropertyValueSpecification\",\"valueRequired\":true,\"valueName\":\"search_term_string\"}}],\"inLanguage\":\"fr-FR\"},{\"@type\":\"Organization\",\"@id\":\"https:\/\/didacweb.shop\/cedic2026\/#organization\",\"name\":\"CEDIC\",\"url\":\"https:\/\/didacweb.shop\/cedic2026\/\",\"logo\":{\"@type\":\"ImageObject\",\"inLanguage\":\"fr-FR\",\"@id\":\"https:\/\/didacweb.shop\/cedic2026\/#\/schema\/logo\/image\/\",\"url\":\"https:\/\/didacweb.shop\/cedic2026\/wp-content\/uploads\/2024\/08\/cropped-Logo-cedic1.png\",\"contentUrl\":\"https:\/\/didacweb.shop\/cedic2026\/wp-content\/uploads\/2024\/08\/cropped-Logo-cedic1.png\",\"width\":250,\"height\":250,\"caption\":\"CEDIC\"},\"image\":{\"@id\":\"https:\/\/didacweb.shop\/cedic2026\/#\/schema\/logo\/image\/\"}}]}<\/script>\n<!-- \/ Yoast SEO plugin. -->","yoast_head_json":{"title":"Direction du CEDIC - CEDIC","description":"D\u00e9couvrez la direction du CEDIC, compos\u00e9e de responsables engag\u00e9s dans la gouvernance, la recherche et l\u2019expertise en droit international.","robots":{"index":"index","follow":"follow","max-snippet":"max-snippet:-1","max-image-preview":"max-image-preview:large","max-video-preview":"max-video-preview:-1"},"canonical":"https:\/\/didacweb.shop\/cedic2026\/direction-du-cedic\/","og_locale":"fr_FR","og_type":"article","og_title":"Direction du CEDIC - CEDIC","og_description":"D\u00e9couvrez la direction du CEDIC, compos\u00e9e de responsables engag\u00e9s dans la gouvernance, la recherche et l\u2019expertise en droit international.","og_url":"https:\/\/didacweb.shop\/cedic2026\/direction-du-cedic\/","og_site_name":"CEDIC","article_modified_time":"2026-04-14T16:10:23+00:00","og_image":[{"url":"https:\/\/didacweb.shop\/cedic2026\/wp-content\/uploads\/2026\/03\/Pr-NSOH-Christopher.jpg","type":"","width":"","height":""}],"twitter_card":"summary_large_image","twitter_misc":{"Dur\u00e9e de lecture estim\u00e9e":"3 minutes"},"schema":{"@context":"https:\/\/schema.org","@graph":[{"@type":"WebPage","@id":"https:\/\/didacweb.shop\/cedic2026\/direction-du-cedic\/","url":"https:\/\/didacweb.shop\/cedic2026\/direction-du-cedic\/","name":"Direction du CEDIC - CEDIC","isPartOf":{"@id":"https:\/\/didacweb.shop\/cedic2026\/#website"},"primaryImageOfPage":{"@id":"https:\/\/didacweb.shop\/cedic2026\/direction-du-cedic\/#primaryimage"},"image":{"@id":"https:\/\/didacweb.shop\/cedic2026\/direction-du-cedic\/#primaryimage"},"thumbnailUrl":"https:\/\/didacweb.shop\/cedic2026\/wp-content\/uploads\/2026\/03\/Pr-NSOH-Christopher.jpg","datePublished":"2026-01-14T10:42:20+00:00","dateModified":"2026-04-14T16:10:23+00:00","description":"D\u00e9couvrez la direction du CEDIC, compos\u00e9e de responsables engag\u00e9s dans la gouvernance, la recherche et l\u2019expertise en droit international.","breadcrumb":{"@id":"https:\/\/didacweb.shop\/cedic2026\/direction-du-cedic\/#breadcrumb"},"inLanguage":"fr-FR","potentialAction":[{"@type":"ReadAction","target":["https:\/\/didacweb.shop\/cedic2026\/direction-du-cedic\/"]}]},{"@type":"ImageObject","inLanguage":"fr-FR","@id":"https:\/\/didacweb.shop\/cedic2026\/direction-du-cedic\/#primaryimage","url":"https:\/\/didacweb.shop\/cedic2026\/wp-content\/uploads\/2026\/03\/Pr-NSOH-Christopher.jpg","contentUrl":"https:\/\/didacweb.shop\/cedic2026\/wp-content\/uploads\/2026\/03\/Pr-NSOH-Christopher.jpg","width":396,"height":448},{"@type":"BreadcrumbList","@id":"https:\/\/didacweb.shop\/cedic2026\/direction-du-cedic\/#breadcrumb","itemListElement":[{"@type":"ListItem","position":1,"name":"Accueil","item":"https:\/\/didacweb.shop\/cedic2026\/"},{"@type":"ListItem","position":2,"name":"Direction du CEDIC"}]},{"@type":"WebSite","@id":"https:\/\/didacweb.shop\/cedic2026\/#website","url":"https:\/\/didacweb.shop\/cedic2026\/","name":"CEDIC","description":"Centre d&#039;\u00c9tude et de Recherche de Droit International et Communautaire","publisher":{"@id":"https:\/\/didacweb.shop\/cedic2026\/#organization"},"potentialAction":[{"@type":"SearchAction","target":{"@type":"EntryPoint","urlTemplate":"https:\/\/didacweb.shop\/cedic2026\/?s={search_term_string}"},"query-input":{"@type":"PropertyValueSpecification","valueRequired":true,"valueName":"search_term_string"}}],"inLanguage":"fr-FR"},{"@type":"Organization","@id":"https:\/\/didacweb.shop\/cedic2026\/#organization","name":"CEDIC","url":"https:\/\/didacweb.shop\/cedic2026\/","logo":{"@type":"ImageObject","inLanguage":"fr-FR","@id":"https:\/\/didacweb.shop\/cedic2026\/#\/schema\/logo\/image\/","url":"https:\/\/didacweb.shop\/cedic2026\/wp-content\/uploads\/2024\/08\/cropped-Logo-cedic1.png","contentUrl":"https:\/\/didacweb.shop\/cedic2026\/wp-content\/uploads\/2024\/08\/cropped-Logo-cedic1.png","width":250,"height":250,"caption":"CEDIC"},"image":{"@id":"https:\/\/didacweb.shop\/cedic2026\/#\/schema\/logo\/image\/"}}]}},"_links":{"self":[{"href":"https:\/\/didacweb.shop\/cedic2026\/wp-json\/wp\/v2\/pages\/15409","targetHints":{"allow":["GET"]}}],"collection":[{"href":"https:\/\/didacweb.shop\/cedic2026\/wp-json\/wp\/v2\/pages"}],"about":[{"href":"https:\/\/didacweb.shop\/cedic2026\/wp-json\/wp\/v2\/types\/page"}],"author":[{"embeddable":true,"href":"https:\/\/didacweb.shop\/cedic2026\/wp-json\/wp\/v2\/users\/1"}],"replies":[{"embeddable":true,"href":"https:\/\/didacweb.shop\/cedic2026\/wp-json\/wp\/v2\/comments?post=15409"}],"version-history":[{"count":28,"href":"https:\/\/didacweb.shop\/cedic2026\/wp-json\/wp\/v2\/pages\/15409\/revisions"}],"predecessor-version":[{"id":16753,"href":"https:\/\/didacweb.shop\/cedic2026\/wp-json\/wp\/v2\/pages\/15409\/revisions\/16753"}],"wp:attachment":[{"href":"https:\/\/didacweb.shop\/cedic2026\/wp-json\/wp\/v2\/media?parent=15409"}],"curies":[{"name":"wp","href":"https:\/\/api.w.org\/{rel}","templated":true}]}}